{"id":9296,"date":"2024-03-11T23:51:59","date_gmt":"2024-03-11T22:51:59","guid":{"rendered":"https:\/\/www1.oliver-kahn.de\/?page_id=9296"},"modified":"2024-12-07T11:53:31","modified_gmt":"2024-12-07T10:53:31","slug":"impressum-foundation","status":"publish","type":"page","link":"https:\/\/www1.oliver-kahn.de\/en\/impressum-foundation\/","title":{"rendered":"Impressum Foundation"},"content":{"rendered":"\t\t<div data-elementor-type=\"wp-page\" data-elementor-id=\"9296\" class=\"elementor elementor-9296\" data-elementor-post-type=\"page\">\n\t\t\t\t<div class=\"elementor-element elementor-element-9472062 e-flex e-con-boxed e-con e-parent\" data-id=\"9472062\" data-element_type=\"container\" data-e-type=\"container\" data-settings=\"{&quot;background_background&quot;:&quot;classic&quot;}\">\n\t\t\t\t\t<div class=\"e-con-inner\">\n\t\t<div class=\"elementor-element elementor-element-0303d05 e-flex e-con-boxed e-con e-child\" data-id=\"0303d05\" data-element_type=\"container\" data-e-type=\"container\">\n\t\t\t\t\t<div class=\"e-con-inner\">\n\t\t\t\t<div class=\"elementor-element elementor-element-56b2e78 elementor-widget elementor-widget-heading\" data-id=\"56b2e78\" data-element_type=\"widget\" data-e-type=\"widget\" data-widget_type=\"heading.default\">\n\t\t\t\t<div class=\"elementor-widget-container\">\n\t\t\t\t\t<h2 class=\"elementor-heading-title elementor-size-default\">Impressum \n\nOliver Kahn-Stiftung<\/h2>\t\t\t\t<\/div>\n\t\t\t\t<\/div>\n\t\t\t\t<div class=\"elementor-element elementor-element-d1175b0 elementor-widget elementor-widget-text-editor\" data-id=\"d1175b0\" data-element_type=\"widget\" data-e-type=\"widget\" data-widget_type=\"text-editor.default\">\n\t\t\t\t<div class=\"elementor-widget-container\">\n\t\t\t\t\t\t\t\t\t<div class=\"column mcb-column mcb-item-7a4c6105a one-third tablet-one-third mobile-one column_column\"><div class=\"mcb-column-inner mcb-item-column-inner\"><div class=\"column_attr mfn-inline-editor clearfix align_left mobile_align_left\"><h5><b>ANSCHRIFT<\/b><br \/>OLIVER KAHN-STIFTUNG<br \/>Atelierstr. 7 (Werk 17 \/ gambino)<br \/>D-81671 M\u00fcnchen<br \/>Deutschland<br \/>Fax: +49 (0) 89 \/ 2 42 06 18\u201388<br \/>info@oliver-kahn-stiftung.de<\/h5><p><b>Vertretungsberechtigt ist der Vorstand:<\/b><br \/>Oliver Kahn, Svenja Kahn<\/p><\/div><\/div><\/div><div class=\"column mcb-column mcb-item-6nev8g6h4 one-sixth tablet-one-sixth mobile-one column_placeholder\"><div class=\"mcb-column-inner mcb-item-placeholder-inner\"><div class=\"placeholder\">\u00a0<\/div><\/div><\/div><div class=\"column mcb-column mcb-item-3ms2f4vs3 one-third tablet-one-third mobile-one column_column\"><div class=\"mcb-column-inner mcb-item-column-inner\"><div class=\"column_attr mfn-inline-editor clearfix align_left mobile_align_left\"><h5><b>Zust\u00e4ndige Aufsichtsbeh\u00f6rde:<\/b><br \/>Regierung von Oberbayern<br \/>Maximilianstra\u00dfe 39<br \/>80538 M\u00fcnchen<br \/>Telefon: +49 \/ 89 \/ 21 76 \u201324 02<br \/>www.regierung.oberbayern.bayern.de<\/h5><p><b>Inhaltlich verantwortlich:<\/b><br \/>Oliver Kahn-Stiftung<br \/>Atelierstr. 7 (Werk 17 \/ gambino)<br \/>D-81671 M\u00fcnchen<br \/>Deutschland<\/p><\/div><\/div><\/div><div class=\"column mcb-column mcb-item-rehh6fbaz one tablet-one mobile-one column_divider\"><div class=\"mcb-column-inner mcb-item-divider-inner\"><hr class=\"no_line\" \/><\/div><\/div><div class=\"column mcb-column mcb-item-4l4p9yuw9 one tablet-one mobile-one column_column\"><div class=\"mcb-column-inner mcb-item-column-inner\"><div class=\"column_attr mfn-inline-editor clearfix\"><p><b>HAFTUNGSBESCHR\u00c4NKUNGEN<\/b><br \/><b>Inhalte dieser Website<\/b><br \/>Die Inhalte dieser Website werden mit gr\u00f6\u00dftm\u00f6glicher Sorgfalt erstellt. Der Anbieter \u00fcber\u00adnimmt jedoch keine Gew\u00e4hr f\u00fcr die Richtigkeit, Vollst\u00e4ndigkeit und Aktualit\u00e4t der bereitgestellten Inhalte. Die Nutzung der Inhalte der Website erfolgt auf eigene Gefahr des Nutzers. Namentlich gekennzeichnete Beitr\u00e4ge geben die Meinung des jeweiligen Autors und nicht immer die Meinung des Anbieters wieder.<\/p><p><b>Verf\u00fcgbarkeit der Website<\/b><br \/>Der Anbieter wird sich bem\u00fchen, den Dienst m\u00f6glichst unterbrechungsfrei zum Abruf anzubieten. Auch bei aller Sorgfalt k\u00f6nnen aber Ausfallzeiten nicht ausgeschlossen werden. Der Anbieter beh\u00e4lt sich das Recht vor, sein Angebot jederzeit zu \u00e4ndern oder einzustellen.<\/p><p><b>Externe Links<\/b><br \/>Diese Website enth\u00e4lt Verkn\u00fcpfungen zu Websites Dritter (\u201cexterne Links\u201d). Diese Websites unterliegen der Haftung der jeweiligen Betreiber. Der Anbieter hat bei der erstmaligen Verkn\u00fcpfung der externen Links die fremden Inhalte daraufhin \u00fcberpr\u00fcft, ob etwaige Rechtsverst\u00f6\u00dfe bestehen. Zu dem Zeitpunkt waren keine Rechtsverst\u00f6\u00dfe ersichtlich. Der Anbieter hat keinerlei Einfluss auf die aktuelle und zuk\u00fcnftige Gestaltung und auf die Inhalte der verkn\u00fcpften Seiten. Das Setzen von externen Links bedeutet nicht, dass sich der Anbieter die hinter dem Verweis oder Link liegenden Inhalte zu Eigen macht. Eine st\u00e4ndige Kontrolle dieser externen Links ist f\u00fcr den Anbieter ohne konkrete Hinweise auf Rechtsverst\u00f6\u00dfe nicht zumutbar. Bei Kenntnis von Rechtsverst\u00f6\u00dfen werden jedoch derartige externe Links unverz\u00fcglich gel\u00f6scht.<\/p><p><b>Webeanzeigen<\/b><br \/>F\u00fcr den Inhalt der Werbeanzeigen ist der jeweilige Autor verantwortlich, ebenso wie f\u00fcr den Inhalt der beworbenen Website. Die Darstellung der Werbeanzeige stellt keine Akzeptanz durch den Anbieter dar.<br \/><b>Kein Vertragsverh\u00e4ltnis<\/b><br \/>Mit der Nutzung der Website des Anbieters kommt kei\u00adner\u00adlei Vertragsverh\u00e4ltnis zwi\u00adschen dem Nutzer und dem Anbieter zustan\u00adde. Insofern erge\u00adben sich auch keinerlei vertragliche oder qua\u00adsi\u00adver\u00adtrag\u00adli\u00adche Anspr\u00fcche gegen den Anbieter.<\/p><p><b>Urheber- und Leistungsrechte<\/b><br \/>Die auf dieser Website ver\u00f6ffentlichten Inhalte unterliegen dem deutschen Urheber- und Leistungsschutzrecht. Jede vom deutschen Urheber- und Leistungsschutzrecht nicht zugelassene Verwertung bedarf der vorherigen schriftlichen Zustimmung des Anbieters oder jeweiligen Rechteinhabers. Dies gilt insbesondere f\u00fcr Vervielf\u00e4ltigung, Bearbeitung, \u00dcbersetzung, Einspeicherung, Verarbeitung bzw. Wiedergabe von Inhalten in Datenbanken oder anderen elektronischen Medien und Systemen. Inhalte und Rechte Dritter sind dabei als solche gekennzeichnet. Die unerlaubte Vervielf\u00e4ltigung oder Weitergabe einzelner Inhalte oder kompletter Seiten ist nicht gestattet und strafbar. Lediglich die Herstellung von Kopien und Downloads f\u00fcr den pers\u00f6nlichen, privaten und nicht kommerziellen Gebrauch ist erlaubt. Links zur Website des Anbieters sind jederzeit willkommen und bed\u00fcrfen keiner Zustimmung durch den Anbieter der Website. Die Darstellung die\u00adser Website in frem\u00adden Frames ist nur mit Erlaubnis zul\u00e4ssig.<\/p><p><b>Anwendbare Rechte<\/b><br \/>Es gilt ausschlie\u00dflich das ma\u00dfgebliche Recht der Bundesrepublik Deutschland.<\/p><p><b>Besondere Rechte<\/b><br \/>Soweit besondere Bedingungen f\u00fcr einzelne Nutzungen dieser Website von den vorgenannten Nummern 1. bis 4. abweichen, wird an entsprechender Stelle ausdr\u00fccklich darauf hingewiesen. In diesem Falle gelten im jeweiligen Einzelfall die besonderen Nutzungsbedingungen.<\/p><p><b>Rechtliche Hinweise<\/b><br \/>Alle auf unseren Internetseiten enthaltenen Angaben und Informationen wurden mit gr\u00f6\u00dftm\u00f6glicher Sorgfalt zusammengestellt. F\u00fcr die Richtigkeit, Vollst\u00e4ndigkeit und Aktualit\u00e4t kann die Oliver Kahn Stiftung keine Gew\u00e4hr \u00fcbernehmen. Jegliche Haftung f\u00fcr Sch\u00e4den, die direkt oder indirekt aus der Benutzung dieser Website entstehen, wird ausgeschlossen, soweit diese nicht auf Vorsatz oder grober Fahrl\u00e4ssigkeit beruhen. Sofern von dieser Seite auf Internetseiten verwiesen wird, die von Dritten betrieben werden, \u00fcbernimmt die Oliver Kahn Stiftung keine Verantwortung f\u00fcr deren Inhalte. Die Nutzung der auf dieser Web-Seite zur Verf\u00fcgung gestellten Inhalte und die Nutzung verlinkter Seiten erfolgt auf alleinige Gefahr des Nutzers. Die Oliver Kahn Stiftung ist nicht verantwortlich f\u00fcr m\u00f6gliche Sch\u00e4den (insbesondere Datenverlust). Sofern von einer Internetseite eines Dritten auf diese Seite verwiesen wird, \u00fcbernimmt die Oliver Kahn Stiftung keine Verantwortung f\u00fcr den Inhalt der Internetseite des Dritten.<br \/>Alle Rechte vorbehalten. Inhalt und Struktur der Websites sind urheberrechtlich gesch\u00fctzt. Informationen oder Daten (Text-, Bild-, Grafik-, Ton-, Video- oder Animationsdateien) unserer Websites d\u00fcrfen ohne vorherige schriftliche Zustimmung der Oliver Kahn Stiftung weder in irgendeiner Form verwendet noch reproduziert werden, auch nicht auszugsweise. Vervielf\u00e4ltigungen und Ver\u00f6ffentlichungen, die nicht mit der Oliver Kahn Stiftung abgestimmt und von dieser freigegeben sind, k\u00f6nnen strafrechtlich und zivilrechtlich verfolgt werden. Durch diese Website wird keine Lizenz zur Nutzung des geistigen Eigentums der Oliver Kahn Stiftung oder Dritter erteilt.<\/p><p><b>RECHTLICHE HINWEISE<\/b><br \/>Alle auf unse\u00adren Internetseiten enthaltenen Angaben und Informationen wurden mit gr\u00f6\u00dftm\u00f6glicher Sorgfalt zusammengestellt. F\u00fcr die Richtigkeit, Vollst\u00e4ndigkeit und Aktualit\u00e4t kann die Oliver Kahn Stiftung keine Gew\u00e4hr \u00fcbernehmen. Jegliche Haftung f\u00fcr Sch\u00e4den, die direkt oder indi\u00adrekt aus der Benutzung dieser Website entstehen, wird ausgeschlossen, soweit diese nicht auf Vorsatz oder grober Fahrl\u00e4ssigkeit beru\u00adhen. Sofern von dieser Seite auf Internetseiten verwiesen wird, die von Dritten betrieben werden, \u00fcbernimmt die Oliver Kahn Stiftung kei\u00adne Verantwortung f\u00fcr deren Inhalte. Die Nutzung der auf dieser Web-Seite zur Verf\u00fcgung gestellten Inhalte und die Nutzung verlinkter Seiten erfolgt auf alleinige Gefahr des Nutzers. Die Oliver Kahn Stiftung ist nicht verantwortlich f\u00fcr m\u00f6gliche Sch\u00e4den (insbesondere Datenverlust). Sofern von einer Internetseite eines Dritten auf diese Seite verwiesen wird, \u00fcbernimmt die Oliver Kahn Stiftung keine Verantwortung f\u00fcr den Inhalt der Internetseite des Dritten.<br \/>Alle Rechte vorbehalten. Inhalt und Struktur der Websites sind urheerrechtlich gesch\u00fctzt. Informationen oder Daten (Text-, Bild-, Grafik-, Ton-, Video- oder Animationsdateien) unserer Websites d\u00fcrfen ohne vorherige schriftliche Zustimmung der Oliver Kahn Stiftung weder in irgendeiner Form verwendet noch reproduziert werden, auch nicht auszugsweise. Vervielf\u00e4ltigungen und Ver\u00f6ffentlichungen, die nicht mit der Oliver Kahn Stiftung abgestimmt und von dieser freigegeben sind, k\u00f6nnen strafrechtlich und zivilrechtlich verfolgt werden. Durch diese Website wird keine Lizenz zur Nutzung des geistigen Eigentums der Oliver Kahn Stiftung oder Dritter erteilt.<\/p><p><b>BILDNACHWEISE<\/b><br \/>Startseite; Foto Header: Oliver Kahn Safe-Hub Gugulethu-Manenberg; Fotograf: Micky Wiswedel Startseite; Foto Safe-Hubs: Fu\u00dfballplatz Safe-Hub Khyaelitsha; Fotograf: Micky Wiswedel Startseite; Foto Go for it!: Ball im Vordergrund; Fotograf: Micky Wiswedel Startseite; Foto Stiftung: Er\u00f6ffnung Oliver Kahn Safe-Hub; Fotograf: Micky Wiswedel Startseite; Foto News vom 28.03.2018 und 01.03.2018; Fotograf: Leo Groelz Startseite; Foto Footer: Gruppe Kinder Safe-Hub Khayelitsha; Fotograf: Micky Wiswedel Seite Safe-Hubs; Foto Header: Kinder am Safe-Hub Diepsloot; Fotograf: Micky Wiswedel Seite Safe-Hubs; Fotos Safe-Hub Johannesburg; Fotograf: Micky Wiswedel Seite Safe-Hubs; Fotos Safe-Hub Gugulethu-Manenberg; Fotograf: Micky Wiswedel Seite Safe-Hubs; Fotos Safe-Hub Khayelitsha; Fotograf: Micky Wiswedel Seite Go for it; Foto Header: Ball im Vordergrund; Fotograf: Micky Wiswedel Seite Go for it; Foto Mitte: Gruppe Kinder auf Fu\u00dfballplatz; Fotograf: RTL\/Micky Wiswedel Seite Stiftung; Foto Header: Oliver Kahn mit Kind in S\u00fcdafrika; Fotograf: RTL\/Micky Wiswedel Seite News; Foto Header: Oliver Kahn in Allianz Arena vor Kindern; Fotograf: Steffen Leiprecht Seite News; Foto News vom 28.03.2018; Fotograf: Leo Groelz Seite News; Fotos News vom 01.03.2018; Fotograf: Leo Groelz Seite News; Foto News vom 17.05.2016; Fotograf: Micky Wiswedel Seite News; Fotos News vom 18.11.2014; Fotograf: RTL\/Micky Wiswedel Seite News; Foto News vom 16.09.2014; Fotograf: Micky Wiswedel Seite Partner; Foto Header: Safe-Hub Diepsloot; Fotograf: Micky Wiswedel Seite Partner; Foto Mitte: Oliver Kahn im Gespr\u00e4ch; Fotograf: Micky Wiswedel Seite Spenden; Foto Header: Oliver Kahn mit zwei Kindern und Ball in der Hand; Fotograf: RTL\/Micky Wiswedel Seite Impressum; Foto Header: Ball mit Unterschrift von oben; Fotograf: Micky Wiswedel Seite Kontakt; Foto Header: Ball mit Unterschrift von oben; Fotograf: Micky Wiswedel<\/p><\/div><\/div><\/div>\t\t\t\t\t\t\t\t<\/div>\n\t\t\t\t<\/div>\n\t\t\t\t\t<\/div>\n\t\t\t\t<\/div>\n\t\t\t\t\t<\/div>\n\t\t\t\t<\/div>\n\t\t<div class=\"elementor-element elementor-element-02376b7 e-flex e-con-boxed e-con e-parent\" data-id=\"02376b7\" data-element_type=\"container\" data-e-type=\"container\">\n\t\t\t\t\t<div class=\"e-con-inner\">\n\t\t\t\t<div class=\"elementor-element elementor-element-ab00cff elementor-widget elementor-widget-html\" data-id=\"ab00cff\" data-element_type=\"widget\" data-e-type=\"widget\" data-widget_type=\"html.default\">\n\t\t\t\t<div class=\"elementor-widget-container\">\n\t\t\t\t\t<style>\n    a[href^=\"tel:\"] {\n\n  color: #000 !important;\n}\n    \n<\/style>\t\t\t\t<\/div>\n\t\t\t\t<\/div>\n\t\t\t\t\t<\/div>\n\t\t\t\t<\/div>\n\t\t\t\t<\/div>\n\t\t","protected":false},"excerpt":{"rendered":"<p>Impressum Oliver Kahn-Stiftung ANSCHRIFTOLIVER KAHN-STIFTUNGAtelierstr. 7 (Werk 17 \/ gambino)D-81671 M\u00fcnchenDeutschlandFax: +49 (0) 89 \/ 2 42 06 18\u201388info@oliver-kahn-stiftung.de Vertretungsberechtigt ist der Vorstand:Oliver Kahn, Svenja Kahn \u00a0 Zust\u00e4ndige Aufsichtsbeh\u00f6rde:Regierung von OberbayernMaximilianstra\u00dfe 3980538 M\u00fcnchenTelefon: +49 \/ 89 \/ 21 76 \u201324 02www.regierung.oberbayern.bayern.de Inhaltlich verantwortlich:Oliver Kahn-StiftungAtelierstr. 7 (Werk 17 \/ gambino)D-81671 M\u00fcnchenDeutschland HAFTUNGSBESCHR\u00c4NKUNGENInhalte dieser WebsiteDie Inhalte dieser [&hellip;]<\/p>\n","protected":false},"author":2,"featured_media":0,"parent":0,"menu_order":0,"comment_status":"closed","ping_status":"closed","template":"","meta":{"inline_featured_image":false,"site-sidebar-layout":"no-sidebar","site-content-layout":"","ast-site-content-layout":"full-width-container","site-content-style":"default","site-sidebar-style":"default","ast-global-header-display":"","ast-banner-title-visibility":"","ast-main-header-display":"","ast-hfb-above-header-display":"","ast-hfb-below-header-display":"","ast-hfb-mobile-header-display":"","site-post-title":"disabled","ast-breadcrumbs-content":"","ast-featured-img":"disabled","footer-sml-layout":"","theme-transparent-header-meta":"","adv-header-id-meta":"","stick-header-meta":"","header-above-stick-meta":"","header-main-stick-meta":"","header-below-stick-meta":"","astra-migrate-meta-layouts":"default","ast-page-background-enabled":"default","ast-page-background-meta":{"desktop":{"background-color":"var(--ast-global-color-4)","background-image":"","background-repeat":"repeat","background-position":"center center","background-size":"auto","background-attachment":"scroll","background-type":"","background-media":"","overlay-type":"","overlay-color":"","overlay-opacity":"","overlay-gradient":""},"tablet":{"background-color":"","background-image":"","background-repeat":"repeat","background-position":"center center","background-size":"auto","background-attachment":"scroll","background-type":"","background-media":"","overlay-type":"","overlay-color":"","overlay-opacity":"","overlay-gradient":""},"mobile":{"background-color":"","background-image":"","background-repeat":"repeat","background-position":"center center","background-size":"auto","background-attachment":"scroll","background-type":"","background-media":"","overlay-type":"","overlay-color":"","overlay-opacity":"","overlay-gradient":""}},"ast-content-background-meta":{"desktop":{"background-color":"var(--ast-global-color-5)","background-image":"","background-repeat":"repeat","background-position":"center center","background-size":"auto","background-attachment":"scroll","background-type":"","background-media":"","overlay-type":"","overlay-color":"","overlay-opacity":"","overlay-gradient":""},"tablet":{"background-color":"var(--ast-global-color-5)","background-image":"","background-repeat":"repeat","background-position":"center center","background-size":"auto","background-attachment":"scroll","background-type":"","background-media":"","overlay-type":"","overlay-color":"","overlay-opacity":"","overlay-gradient":""},"mobile":{"background-color":"var(--ast-global-color-5)","background-image":"","background-repeat":"repeat","background-position":"center center","background-size":"auto","background-attachment":"scroll","background-type":"","background-media":"","overlay-type":"","overlay-color":"","overlay-opacity":"","overlay-gradient":""}},"footnotes":""},"class_list":["post-9296","page","type-page","status-publish","hentry"],"yoast_head":"<!-- This site is optimized with the Yoast SEO plugin v25.9 - https:\/\/yoast.com\/wordpress\/plugins\/seo\/ -->\r\n<title>Impressum Foundation - Oliver Kahn<\/title>\r\n<meta name=\"robots\" content=\"index, follow, max-snippet:-1, max-image-preview:large, max-video-preview:-1\" \/>\r\n<link rel=\"canonical\" href=\"https:\/\/www1.oliver-kahn.de\/en\/impressum-foundation\/\" \/>\r\n<meta property=\"og:locale\" content=\"en_GB\" \/>\r\n<meta property=\"og:type\" content=\"article\" \/>\r\n<meta property=\"og:title\" content=\"Impressum Foundation - Oliver Kahn\" \/>\r\n<meta property=\"og:description\" content=\"Impressum Oliver Kahn-Stiftung ANSCHRIFTOLIVER KAHN-STIFTUNGAtelierstr. 7 (Werk 17 \/ gambino)D-81671 M\u00fcnchenDeutschlandFax: +49 (0) 89 \/ 2 42 06 18\u201388info@oliver-kahn-stiftung.de Vertretungsberechtigt ist der Vorstand:Oliver Kahn, Svenja Kahn \u00a0 Zust\u00e4ndige Aufsichtsbeh\u00f6rde:Regierung von OberbayernMaximilianstra\u00dfe 3980538 M\u00fcnchenTelefon: +49 \/ 89 \/ 21 76 \u201324 02www.regierung.oberbayern.bayern.de Inhaltlich verantwortlich:Oliver Kahn-StiftungAtelierstr. 7 (Werk 17 \/ gambino)D-81671 M\u00fcnchenDeutschland HAFTUNGSBESCHR\u00c4NKUNGENInhalte dieser WebsiteDie Inhalte dieser [&hellip;]\" \/>\r\n<meta property=\"og:url\" content=\"https:\/\/www1.oliver-kahn.de\/en\/impressum-foundation\/\" \/>\r\n<meta property=\"og:site_name\" content=\"Oliver Kahn\" \/>\r\n<meta property=\"article:modified_time\" content=\"2024-12-07T10:53:31+00:00\" \/>\r\n<meta name=\"twitter:card\" content=\"summary_large_image\" \/>\r\n<meta name=\"twitter:label1\" content=\"Estimated reading time\" \/>\n\t<meta name=\"twitter:data1\" content=\"7 minutes\" \/>\r\n<script type=\"application\/ld+json\" class=\"yoast-schema-graph\">{\"@context\":\"https:\/\/schema.org\",\"@graph\":[{\"@type\":\"WebPage\",\"@id\":\"https:\/\/www1.oliver-kahn.de\/impressum-foundation\/\",\"url\":\"https:\/\/www1.oliver-kahn.de\/impressum-foundation\/\",\"name\":\"Impressum Foundation - Oliver Kahn\",\"isPartOf\":{\"@id\":\"https:\/\/www1.oliver-kahn.de\/#website\"},\"datePublished\":\"2024-03-11T22:51:59+00:00\",\"dateModified\":\"2024-12-07T10:53:31+00:00\",\"breadcrumb\":{\"@id\":\"https:\/\/www1.oliver-kahn.de\/impressum-foundation\/#breadcrumb\"},\"inLanguage\":\"en-GB\",\"potentialAction\":[{\"@type\":\"ReadAction\",\"target\":[\"https:\/\/www1.oliver-kahn.de\/impressum-foundation\/\"]}]},{\"@type\":\"BreadcrumbList\",\"@id\":\"https:\/\/www1.oliver-kahn.de\/impressum-foundation\/#breadcrumb\",\"itemListElement\":[{\"@type\":\"ListItem\",\"position\":1,\"name\":\"Home\",\"item\":\"https:\/\/www1.oliver-kahn.de\/\"},{\"@type\":\"ListItem\",\"position\":2,\"name\":\"Impressum Foundation\"}]},{\"@type\":\"WebSite\",\"@id\":\"https:\/\/www1.oliver-kahn.de\/#website\",\"url\":\"https:\/\/www1.oliver-kahn.de\/\",\"name\":\"Oliver Kahn\",\"description\":\"\",\"potentialAction\":[{\"@type\":\"SearchAction\",\"target\":{\"@type\":\"EntryPoint\",\"urlTemplate\":\"https:\/\/www1.oliver-kahn.de\/?s={search_term_string}\"},\"query-input\":{\"@type\":\"PropertyValueSpecification\",\"valueRequired\":true,\"valueName\":\"search_term_string\"}}],\"inLanguage\":\"en-GB\"}]}<\/script>\r\n<!-- \/ Yoast SEO plugin. -->","yoast_head_json":{"title":"Impressum Foundation - Oliver Kahn","robots":{"index":"index","follow":"follow","max-snippet":"max-snippet:-1","max-image-preview":"max-image-preview:large","max-video-preview":"max-video-preview:-1"},"canonical":"https:\/\/www1.oliver-kahn.de\/en\/impressum-foundation\/","og_locale":"en_GB","og_type":"article","og_title":"Impressum Foundation - Oliver Kahn","og_description":"Impressum Oliver Kahn-Stiftung ANSCHRIFTOLIVER KAHN-STIFTUNGAtelierstr. 7 (Werk 17 \/ gambino)D-81671 M\u00fcnchenDeutschlandFax: +49 (0) 89 \/ 2 42 06 18\u201388info@oliver-kahn-stiftung.de Vertretungsberechtigt ist der Vorstand:Oliver Kahn, Svenja Kahn \u00a0 Zust\u00e4ndige Aufsichtsbeh\u00f6rde:Regierung von OberbayernMaximilianstra\u00dfe 3980538 M\u00fcnchenTelefon: +49 \/ 89 \/ 21 76 \u201324 02www.regierung.oberbayern.bayern.de Inhaltlich verantwortlich:Oliver Kahn-StiftungAtelierstr. 7 (Werk 17 \/ gambino)D-81671 M\u00fcnchenDeutschland HAFTUNGSBESCHR\u00c4NKUNGENInhalte dieser WebsiteDie Inhalte dieser [&hellip;]","og_url":"https:\/\/www1.oliver-kahn.de\/en\/impressum-foundation\/","og_site_name":"Oliver Kahn","article_modified_time":"2024-12-07T10:53:31+00:00","twitter_card":"summary_large_image","twitter_misc":{"Estimated reading time":"7 minutes"},"schema":{"@context":"https:\/\/schema.org","@graph":[{"@type":"WebPage","@id":"https:\/\/www1.oliver-kahn.de\/impressum-foundation\/","url":"https:\/\/www1.oliver-kahn.de\/impressum-foundation\/","name":"Impressum Foundation - Oliver Kahn","isPartOf":{"@id":"https:\/\/www1.oliver-kahn.de\/#website"},"datePublished":"2024-03-11T22:51:59+00:00","dateModified":"2024-12-07T10:53:31+00:00","breadcrumb":{"@id":"https:\/\/www1.oliver-kahn.de\/impressum-foundation\/#breadcrumb"},"inLanguage":"en-GB","potentialAction":[{"@type":"ReadAction","target":["https:\/\/www1.oliver-kahn.de\/impressum-foundation\/"]}]},{"@type":"BreadcrumbList","@id":"https:\/\/www1.oliver-kahn.de\/impressum-foundation\/#breadcrumb","itemListElement":[{"@type":"ListItem","position":1,"name":"Home","item":"https:\/\/www1.oliver-kahn.de\/"},{"@type":"ListItem","position":2,"name":"Impressum Foundation"}]},{"@type":"WebSite","@id":"https:\/\/www1.oliver-kahn.de\/#website","url":"https:\/\/www1.oliver-kahn.de\/","name":"Oliver Kahn","description":"","potentialAction":[{"@type":"SearchAction","target":{"@type":"EntryPoint","urlTemplate":"https:\/\/www1.oliver-kahn.de\/?s={search_term_string}"},"query-input":{"@type":"PropertyValueSpecification","valueRequired":true,"valueName":"search_term_string"}}],"inLanguage":"en-GB"}]}},"_links":{"self":[{"href":"https:\/\/www1.oliver-kahn.de\/en\/wp-json\/wp\/v2\/pages\/9296","targetHints":{"allow":["GET"]}}],"collection":[{"href":"https:\/\/www1.oliver-kahn.de\/en\/wp-json\/wp\/v2\/pages"}],"about":[{"href":"https:\/\/www1.oliver-kahn.de\/en\/wp-json\/wp\/v2\/types\/page"}],"author":[{"embeddable":true,"href":"https:\/\/www1.oliver-kahn.de\/en\/wp-json\/wp\/v2\/users\/2"}],"replies":[{"embeddable":true,"href":"https:\/\/www1.oliver-kahn.de\/en\/wp-json\/wp\/v2\/comments?post=9296"}],"version-history":[{"count":9,"href":"https:\/\/www1.oliver-kahn.de\/en\/wp-json\/wp\/v2\/pages\/9296\/revisions"}],"predecessor-version":[{"id":10933,"href":"https:\/\/www1.oliver-kahn.de\/en\/wp-json\/wp\/v2\/pages\/9296\/revisions\/10933"}],"wp:attachment":[{"href":"https:\/\/www1.oliver-kahn.de\/en\/wp-json\/wp\/v2\/media?parent=9296"}],"curies":[{"name":"wp","href":"https:\/\/api.w.org\/{rel}","templated":true}]}}